{"id":41,"date":"2016-09-08T17:08:53","date_gmt":"2016-09-08T17:08:53","guid":{"rendered":"http:\/\/temps-lies.ch\/?page_id=41"},"modified":"2021-02-11T18:23:37","modified_gmt":"2021-02-11T18:23:37","slug":"historique","status":"publish","type":"page","link":"https:\/\/temps-lies.ch\/?page_id=41","title":{"rendered":"Historique"},"content":{"rendered":"<p style=\"text-align: center;\"><span style=\"color: #808080;\"><em>\u00ab A l\u2019origine \u00e9tait la danse, et la danse \u00e9tait dans le rythme et le rythme \u00e9tait danse. Au commencement \u00e9tait le rythme, tout s\u2019est fait en lui, sans lui rien ne s\u2019est fait \u00bb<strong><br \/>\nSerge Lifar<\/strong><\/em><\/span><\/p>\n<p style=\"text-align: justify;\"><strong>Historique de l\u2019Association Temps Li\u00e9s<\/strong><\/p>\n<p style=\"text-align: justify;\"><strong>\u2026UNE ASSOCIATION POUR LA DANSE<\/strong><\/p>\n<p style=\"text-align: justify;\">D\u2019un beau spectacle nomm\u00e9 \u00abTemps Li\u00e9s\u00bb et pr\u00e9sent\u00e9 en mai 2001 \u00e0 Del\u00e9mont par l\u2019Ecole de danse In\u00e8s Meury Bertaiola, bon nombre de personnes passionn\u00e9es, parentes et amies de la danse, d\u00e9cident de soutenir les activit\u00e9s d\u00e9ploy\u00e9es par l\u2019Ecole et de cr\u00e9er une association.<\/p>\n<p style=\"text-align: justify;\">Sa philosophie principale est de d\u00e9velopper l\u2019id\u00e9al de la danse dans la R\u00e9publique et Canton du Jura et hors de nos fronti\u00e8res.<\/p>\n<p style=\"text-align: justify;\">Dix ans d\u2019activit\u00e9s enrichissantes ont abouti \u00e0 la r\u00e9ussite d\u2019une association vivante et dynamique.<\/p>\n<p style=\"text-align: justify;\">Ann\u00e9es apr\u00e8s ann\u00e9es, les associ\u00e9s et le comit\u00e9 ont su se composer de personnalit\u00e9s diverses. Etudiants, enseignants, m\u00e8res au foyer, secr\u00e9taires, avocats, v\u00e9t\u00e9rinaires, journalistes, politiques, professeurs de danse, chor\u00e9graphes tous passionn\u00e9s d\u2019art et de danse\u2026 Une association ouverte \u00e0 tous.<\/p>\n<p style=\"text-align: justify;\">Pour que l\u2019ATL existe, chaque membre a donn\u00e9 de son temps et toute son \u00e9nergie pour mettre sur pieds de nombreuses activit\u00e9s. Convivialit\u00e9, \u00e9changes, investissement et imagination ont rythm\u00e9 nos buts.<\/p>\n<p style=\"text-align: justify;\"><img loading=\"lazy\" decoding=\"async\" class=\"size-medium wp-image-438 aligncenter\" src=\"http:\/\/temps-lies.ch\/wp-content\/uploads\/2021\/02\/FBE5536-300x161.jpg\" alt=\"\" width=\"300\" height=\"161\" srcset=\"https:\/\/temps-lies.ch\/wp-content\/uploads\/2021\/02\/FBE5536-300x161.jpg 300w, https:\/\/temps-lies.ch\/wp-content\/uploads\/2021\/02\/FBE5536-768x413.jpg 768w, https:\/\/temps-lies.ch\/wp-content\/uploads\/2021\/02\/FBE5536-1024x551.jpg 1024w, https:\/\/temps-lies.ch\/wp-content\/uploads\/2021\/02\/FBE5536-500x269.jpg 500w, https:\/\/temps-lies.ch\/wp-content\/uploads\/2021\/02\/FBE5536.jpg 1800w\" sizes=\"auto, (max-width: 300px) 100vw, 300px\" \/><\/p>\n<p style=\"text-align: justify;\">Les anciens pr\u00e9sidents:<\/p>\n<ul style=\"text-align: justify;\">\n<li>Jean-Marie Allimann (premier pr\u00e9sident)<\/li>\n<li>Nicole Dal Zotto<\/li>\n<li>Marie-Anne Rebetez<\/li>\n<li>Sarah Gigon<\/li>\n<li>Pedro Andres<\/li>\n<\/ul>\n","protected":false},"excerpt":{"rendered":"<p>\u00ab A l\u2019origine \u00e9tait la danse, et la danse \u00e9tait dans le rythme et le rythme \u00e9tait danse. Au commencement \u00e9tait le rythme, tout s\u2019est fait en lui, sans lui rien ne s\u2019est fait \u00bb Serge Lifar Historique de l\u2019Association &hellip; <a href=\"https:\/\/temps-lies.ch\/?page_id=41\">Continuer la lecture <span class=\"meta-nav\">&rarr;<\/span><\/a><\/p>\n","protected":false},"author":2,"featured_media":0,"parent":8,"menu_order":0,"comment_status":"closed","ping_status":"closed","template":"","meta":{"footnotes":""},"class_list":["post-41","page","type-page","status-publish","hentry"],"_links":{"self":[{"href":"https:\/\/temps-lies.ch\/index.php?rest_route=\/wp\/v2\/pages\/41","targetHints":{"allow":["GET"]}}],"collection":[{"href":"https:\/\/temps-lies.ch\/index.php?rest_route=\/wp\/v2\/pages"}],"about":[{"href":"https:\/\/temps-lies.ch\/index.php?rest_route=\/wp\/v2\/types\/page"}],"author":[{"embeddable":true,"href":"https:\/\/temps-lies.ch\/index.php?rest_route=\/wp\/v2\/users\/2"}],"replies":[{"embeddable":true,"href":"https:\/\/temps-lies.ch\/index.php?rest_route=%2Fwp%2Fv2%2Fcomments&post=41"}],"version-history":[{"count":9,"href":"https:\/\/temps-lies.ch\/index.php?rest_route=\/wp\/v2\/pages\/41\/revisions"}],"predecessor-version":[{"id":455,"href":"https:\/\/temps-lies.ch\/index.php?rest_route=\/wp\/v2\/pages\/41\/revisions\/455"}],"up":[{"embeddable":true,"href":"https:\/\/temps-lies.ch\/index.php?rest_route=\/wp\/v2\/pages\/8"}],"wp:attachment":[{"href":"https:\/\/temps-lies.ch\/index.php?rest_route=%2Fwp%2Fv2%2Fmedia&parent=41"}],"curies":[{"name":"wp","href":"https:\/\/api.w.org\/{rel}","templated":true}]}}