{"id":104,"date":"2016-10-18T09:39:53","date_gmt":"2016-10-18T09:39:53","guid":{"rendered":"http:\/\/temps-lies.ch\/?page_id=104"},"modified":"2022-01-05T14:58:24","modified_gmt":"2022-01-05T14:58:24","slug":"philosophie","status":"publish","type":"page","link":"https:\/\/temps-lies.ch\/?page_id=104","title":{"rendered":"Philosophie"},"content":{"rendered":"<p style=\"text-align: center;\"><span style=\"color: #808080;\"><span style=\"font-size: 13px;\"><em>\u00ab La danse est de la musique visuelle. Le danseur comprend avec son corps\u2026 aussi important que l\u2019esprit\u2026 lorsque le danseur comprend vraiment par le corps, il comprend plus profond\u00e9ment que quand il comprend par l\u2019esprit. La danse est l\u2019art du XXe si\u00e8cle \u00bb<\/em><\/span><span style=\"font-size: 13px;\"><em><br \/>\n<\/em><\/span><span style=\"font-size: 13px;\"><em><strong>Maurice B\u00e9jart<\/strong><\/em><\/span><\/span><\/p>\n<p style=\"text-align: justify;\"><span style=\"font-size: 18px;\"><strong>Philosophie de l\u2019Association Temps Li\u00e9s<\/strong><\/span><\/p>\n<p style=\"text-align: justify;\"><span style=\"font-size: 14px;\">L\u2019association Temps Li\u00e9s a pour but, dans le cadre des activit\u00e9s d\u00e9ploy\u00e9es au sein de l\u2019Ecole de danse classique et moderne In\u00e8s Meury Bertaiola de promouvoir et d\u00e9velopper l\u2019id\u00e9al de la danse dans le canton du Jura<\/span><\/p>\n<p style=\"text-align: justify;\"><span style=\"font-size: 14px;\"><em>Qualit\u00e9<\/em><\/span><span style=\"font-size: 14px;\"> est le ma\u00eetre mot de la philosophie de l\u2019association Temps Li\u00e9s. Vous trouverez ci-dessous la charte respect\u00e9e par l\u2019association pour choisir les professeurs qui dispenseront des cours.<\/span><\/p>\n<p><a href=\"http:\/\/temps-lies.ch\/wp-content\/uploads\/2022\/01\/Il-y-a-\u00e9coles-de-danse-et-\u00e9coles-de-danse.jpg\" target=\"_blank\" rel=\"noopener\"><img loading=\"lazy\" decoding=\"async\" class=\"aligncenter wp-image-496 size-medium\" src=\"http:\/\/temps-lies.ch\/wp-content\/uploads\/2022\/01\/Il-y-a-\u00e9coles-de-danse-et-\u00e9coles-de-danse-212x300.jpg\" alt=\"\" width=\"212\" height=\"300\" srcset=\"https:\/\/temps-lies.ch\/wp-content\/uploads\/2022\/01\/Il-y-a-\u00e9coles-de-danse-et-\u00e9coles-de-danse-212x300.jpg 212w, https:\/\/temps-lies.ch\/wp-content\/uploads\/2022\/01\/Il-y-a-\u00e9coles-de-danse-et-\u00e9coles-de-danse-768x1086.jpg 768w, https:\/\/temps-lies.ch\/wp-content\/uploads\/2022\/01\/Il-y-a-\u00e9coles-de-danse-et-\u00e9coles-de-danse-724x1024.jpg 724w, https:\/\/temps-lies.ch\/wp-content\/uploads\/2022\/01\/Il-y-a-\u00e9coles-de-danse-et-\u00e9coles-de-danse.jpg 1654w\" sizes=\"auto, (max-width: 212px) 100vw, 212px\" \/><\/a><\/p>\n","protected":false},"excerpt":{"rendered":"<p>\u00ab La danse est de la musique visuelle. Le danseur comprend avec son corps\u2026 aussi important que l\u2019esprit\u2026 lorsque le danseur comprend vraiment par le corps, il comprend plus profond\u00e9ment que quand il comprend par l\u2019esprit. La danse est l\u2019art &hellip; <a href=\"https:\/\/temps-lies.ch\/?page_id=104\">Continuer la lecture <span class=\"meta-nav\">&rarr;<\/span><\/a><\/p>\n","protected":false},"author":2,"featured_media":0,"parent":0,"menu_order":0,"comment_status":"closed","ping_status":"closed","template":"","meta":{"footnotes":""},"class_list":["post-104","page","type-page","status-publish","hentry"],"_links":{"self":[{"href":"https:\/\/temps-lies.ch\/index.php?rest_route=\/wp\/v2\/pages\/104","targetHints":{"allow":["GET"]}}],"collection":[{"href":"https:\/\/temps-lies.ch\/index.php?rest_route=\/wp\/v2\/pages"}],"about":[{"href":"https:\/\/temps-lies.ch\/index.php?rest_route=\/wp\/v2\/types\/page"}],"author":[{"embeddable":true,"href":"https:\/\/temps-lies.ch\/index.php?rest_route=\/wp\/v2\/users\/2"}],"replies":[{"embeddable":true,"href":"https:\/\/temps-lies.ch\/index.php?rest_route=%2Fwp%2Fv2%2Fcomments&post=104"}],"version-history":[{"count":32,"href":"https:\/\/temps-lies.ch\/index.php?rest_route=\/wp\/v2\/pages\/104\/revisions"}],"predecessor-version":[{"id":499,"href":"https:\/\/temps-lies.ch\/index.php?rest_route=\/wp\/v2\/pages\/104\/revisions\/499"}],"wp:attachment":[{"href":"https:\/\/temps-lies.ch\/index.php?rest_route=%2Fwp%2Fv2%2Fmedia&parent=104"}],"curies":[{"name":"wp","href":"https:\/\/api.w.org\/{rel}","templated":true}]}}